{"id":28792,"date":"2026-05-19T01:46:21","date_gmt":"2026-05-18T23:46:21","guid":{"rendered":"https:\/\/www.jardin-dubois.com\/?post_type=product&#038;p=28792"},"modified":"2026-05-19T01:47:31","modified_gmt":"2026-05-18T23:47:31","slug":"remorque-freinee-rustique-r261f113-ptac-1300kg-253x129-sorel","status":"publish","type":"product","link":"https:\/\/www.jardin-dubois.com\/index.php\/produit\/remorque-freinee-rustique-r261f113-ptac-1300kg-253x129-sorel\/","title":{"rendered":"Remorque Frein\u00e9e RUSTIQUE \/ R261F113 \u2013 PTAC 1300kg (253\u00d7129) \u2013 SOREL"},"content":{"rendered":"<h2><strong>La remorque R261F113 de chez SOREL est tr\u00e8s robuste et maniable, elle sera s\u2019adapter \u00e0 toutes vos demandes. D\u00e9couvrez ses nombreux points forts ci-dessous :<br \/>\n<\/strong><\/h2>\n<p>Points forts :<\/p>\n<p>\u2013 Plancher bois marine<br \/>\n\u2013 Antid\u00e9rapant<br \/>\n\u2013 Robustesse et long\u00e9vit\u00e9<br \/>\n\u2013 Ch\u00e2ssis enti\u00e8rement m\u00e9cano-soud\u00e9<br \/>\n\u2013 Galvanis\u00e9 \u00e0 chaud,<br \/>\n\u2013 Renforc\u00e9 par des traverses<br \/>\n\u2013 Ridelles et Portes enti\u00e8rement d\u00e9montables, en t\u00f4le de 2mm d\u2019\u00e9paisseur, galvanis\u00e9s \u00e0 chaud<br \/>\n\u2013 Long\u00e9vit\u00e9<br \/>\n\u2013 Transformable en plateau<br \/>\n\u2013 Rampe de feux robuste<br \/>\n\u2013 Permet le stockage \u00e0 la verticale<br \/>\n\u2013 Basculante<br \/>\n\u2013 Hauteur des ridelles 40 cm<br \/>\n\u2013 Plus grand volume de chargement<br \/>\n\u2013 Essieu de suspension frein\u00e9, \u00e0 barres de torsion caoutchouc, corps trait\u00e9 par cataphor\u00e8se,<br \/>\n\u2013 Fl\u00e8che soud\u00e9e, en profil en [ , pour une grande robustesse, avec traverses de renfort pour plus de rigidit\u00e9. trait\u00e9e anti-corrosion par galvanisation \u00e0 chaud,<br \/>\n\u2013 Garde boue en t\u00f4le galvanis\u00e9e, renforc\u00e9s par 2 plis \u00e0 bords non tranchants ; enveloppant pour \u00e9viter les projections, mont\u00e9s en 4 points de fixation \u00e9vitant toutes vibrations<br \/>\n\u2013 T\u00eate attelage \u00e0 poign\u00e9e ergonomique \u00e9quip\u00e9e d\u2019un cliquet anti-d\u00e9crochement<br \/>\n\u2013 Pare cycle avant permettant l\u2019arrimage<\/p>\n<h4><strong>Quels permis pour tracter votre remorque ?<\/strong><\/h4>\n<p>\u2013 Tout ce qui faut savoir pour rouler en toute l\u00e9galit\u00e9<\/p>\n<table border=\"1\">\n<tbody>\n<tr>\n<td colspan=\"9\"><strong>Gamme bagag\u00e8res &amp; utilitaires (frein\u00e9e) \u2013 SOREL<\/strong><\/td>\n<\/tr>\n<tr>\n<td><strong>R\u00e9f\u00e9rence<\/strong><\/td>\n<td><strong>Dimensions caisse utile<\/strong><\/td>\n<td><strong>Dimensions hors tout<\/strong><\/td>\n<td><strong>Frein\u00e9e<\/strong><\/td>\n<td><strong>PTAC<\/strong>&nbsp;<\/p>\n<p><strong>modifiable<\/strong><\/td>\n<td><strong>Poids \u00e0 vide<\/strong><\/td>\n<td><strong>Charge utile<\/strong><\/td>\n<td><strong>Nombre d\u2019essieux &amp; capacit\u00e9<\/strong><\/td>\n<td><strong>Roues<\/strong><\/td>\n<\/tr>\n<tr>\n<td>R261F113+NUE<\/td>\n<td>253 x 129<\/td>\n<td>372 x 187<\/td>\n<td>Oui<\/td>\n<td>1300<\/td>\n<td>350<\/td>\n<td>950<\/td>\n<td>1 x 1300<\/td>\n<td>185R14C<\/td>\n<\/tr>\n<tr>\n<td>R261F113NUE<\/td>\n<td>253 x 129<\/td>\n<td>372 X 187<\/td>\n<td>Oui<\/td>\n<td>1300<\/td>\n<td>280<\/td>\n<td>1020<\/td>\n<td>1 x 1300<\/td>\n<td>185R14C<\/td>\n<\/tr>\n<tr>\n<td colspan=\"9\">*Les PTAC sont modifiables moyennant des frais suppl\u00e9mentaires<\/td>\n<\/tr>\n<\/tbody>\n<\/table>\n","protected":false},"excerpt":{"rendered":"<div class=\"woocommerce-product-details__short-description\">\n<div class=\"product-desc\">\n<div id=\"product-description-short-7973\" class=\"product-description-short typo sm-bottom\">\n<p>Remorque Frein\u00e9e SOREL<\/p>\n<p>PTAC 1300 kg<\/p>\n<p>253\u00d7129<\/p>\n<\/div>\n<\/div>\n<\/div>\n","protected":false},"featured_media":28907,"comment_status":"open","ping_status":"closed","template":"","meta":[],"product_brand":[],"product_cat":[93],"product_tag":[],"class_list":{"0":"post-28792","1":"product","2":"type-product","3":"status-publish","4":"has-post-thumbnail","6":"product_cat-remorques","8":"first","9":"instock","10":"taxable","11":"shipping-taxable","12":"purchasable","13":"product-type-simple"},"_links":{"self":[{"href":"https:\/\/www.jardin-dubois.com\/index.php\/wp-json\/wp\/v2\/product\/28792","targetHints":{"allow":["GET"]}}],"collection":[{"href":"https:\/\/www.jardin-dubois.com\/index.php\/wp-json\/wp\/v2\/product"}],"about":[{"href":"https:\/\/www.jardin-dubois.com\/index.php\/wp-json\/wp\/v2\/types\/product"}],"replies":[{"embeddable":true,"href":"https:\/\/www.jardin-dubois.com\/index.php\/wp-json\/wp\/v2\/comments?post=28792"}],"version-history":[{"count":1,"href":"https:\/\/www.jardin-dubois.com\/index.php\/wp-json\/wp\/v2\/product\/28792\/revisions"}],"predecessor-version":[{"id":28908,"href":"https:\/\/www.jardin-dubois.com\/index.php\/wp-json\/wp\/v2\/product\/28792\/revisions\/28908"}],"wp:featuredmedia":[{"embeddable":true,"href":"https:\/\/www.jardin-dubois.com\/index.php\/wp-json\/wp\/v2\/media\/28907"}],"wp:attachment":[{"href":"https:\/\/www.jardin-dubois.com\/index.php\/wp-json\/wp\/v2\/media?parent=28792"}],"wp:term":[{"taxonomy":"product_brand","embeddable":true,"href":"https:\/\/www.jardin-dubois.com\/index.php\/wp-json\/wp\/v2\/product_brand?post=28792"},{"taxonomy":"product_cat","embeddable":true,"href":"https:\/\/www.jardin-dubois.com\/index.php\/wp-json\/wp\/v2\/product_cat?post=28792"},{"taxonomy":"product_tag","embeddable":true,"href":"https:\/\/www.jardin-dubois.com\/index.php\/wp-json\/wp\/v2\/product_tag?post=28792"}],"curies":[{"name":"wp","href":"https:\/\/api.w.org\/{rel}","templated":true}]}}